{"id":4225,"date":"2015-01-09T18:18:50","date_gmt":"2015-01-09T16:18:50","guid":{"rendered":"http:\/\/jeremyfekete.com\/wp-content\/uploads\/2015\/01\/Vorspann-Europas-legend\u00e4re-Strassen-auf-den-Spuren-der-R\u00f6mer-Jeremy-JP-Fekete-HD.jpeg"},"modified":"2015-01-09T18:18:50","modified_gmt":"2015-01-09T16:18:50","slug":"vorspann-europas-legendaere-strassen-auf-den-spuren-der-roemer-jeremy-jp-fekete-hd-2","status":"inherit","type":"attachment","link":"https:\/\/jeremyfekete.com\/en\/vorspann-europas-legendaere-strassen-auf-den-spuren-der-roemer-jeremy-jp-fekete-hd-2\/","title":{"rendered":"Vorspann Europas legend\u00e4re Strassen-auf den Spuren der R\u00f6mer-Jeremy JP Fekete-HD"},"author":1,"featured_media":0,"comment_status":"closed","ping_status":"closed","template":"","meta":[],"categories":[],"tags":[],"class_list":["post-4225","attachment","type-attachment","status-inherit","hentry"],"jetpack_sharing_enabled":true,"featured_media_urls":{"thumbnail":["https:\/\/jeremyfekete.com\/wp-content\/uploads\/2015\/01\/Vorspann-Europas-legend\u00e4re-Strassen-auf-den-Spuren-der-R\u00f6mer-Jeremy-JP-Fekete-HD-150x150.jpeg",150,150,true],"medium":["https:\/\/jeremyfekete.com\/wp-content\/uploads\/2015\/01\/Vorspann-Europas-legend\u00e4re-Strassen-auf-den-Spuren-der-R\u00f6mer-Jeremy-JP-Fekete-HD-300x168.jpeg",300,168,true],"medium_large":["https:\/\/jeremyfekete.com\/wp-content\/uploads\/2015\/01\/Vorspann-Europas-legend\u00e4re-Strassen-auf-den-Spuren-der-R\u00f6mer-Jeremy-JP-Fekete-HD.jpeg",768,432,false],"large":["https:\/\/jeremyfekete.com\/wp-content\/uploads\/2015\/01\/Vorspann-Europas-legend\u00e4re-Strassen-auf-den-Spuren-der-R\u00f6mer-Jeremy-JP-Fekete-HD-1024x576.jpeg",950,534,true],"1536x1536":["https:\/\/jeremyfekete.com\/wp-content\/uploads\/2015\/01\/Vorspann-Europas-legend\u00e4re-Strassen-auf-den-Spuren-der-R\u00f6mer-Jeremy-JP-Fekete-HD-1536x864.jpeg",1536,864,true],"2048x2048":["https:\/\/jeremyfekete.com\/wp-content\/uploads\/2015\/01\/Vorspann-Europas-legend\u00e4re-Strassen-auf-den-Spuren-der-R\u00f6mer-Jeremy-JP-Fekete-HD.jpeg",1920,1080,false],"inspiro-featured-image":["https:\/\/jeremyfekete.com\/wp-content\/uploads\/2015\/01\/Vorspann-Europas-legend\u00e4re-Strassen-auf-den-Spuren-der-R\u00f6mer-Jeremy-JP-Fekete-HD.jpeg",1920,1080,false],"inspiro-loop":["https:\/\/jeremyfekete.com\/wp-content\/uploads\/2015\/01\/Vorspann-Europas-legend\u00e4re-Strassen-auf-den-Spuren-der-R\u00f6mer-Jeremy-JP-Fekete-HD-950x320.jpeg",950,320,true],"inspiro-loop@2x":["https:\/\/jeremyfekete.com\/wp-content\/uploads\/2015\/01\/Vorspann-Europas-legend\u00e4re-Strassen-auf-den-Spuren-der-R\u00f6mer-Jeremy-JP-Fekete-HD-1900x640.jpeg",1900,640,true],"portfolio_item-thumbnail":["https:\/\/jeremyfekete.com\/wp-content\/uploads\/2015\/01\/Vorspann-Europas-legend\u00e4re-Strassen-auf-den-Spuren-der-R\u00f6mer-Jeremy-JP-Fekete-HD-600x400.jpeg",600,400,true],"portfolio_item-thumbnail@2x":["https:\/\/jeremyfekete.com\/wp-content\/uploads\/2015\/01\/Vorspann-Europas-legend\u00e4re-Strassen-auf-den-Spuren-der-R\u00f6mer-Jeremy-JP-Fekete-HD-1200x800.jpeg",1200,800,true],"portfolio_item-masonry":["https:\/\/jeremyfekete.com\/wp-content\/uploads\/2015\/01\/Vorspann-Europas-legend\u00e4re-Strassen-auf-den-Spuren-der-R\u00f6mer-Jeremy-JP-Fekete-HD-600x338.jpeg",600,338,true],"portfolio_item-masonry@2x":["https:\/\/jeremyfekete.com\/wp-content\/uploads\/2015\/01\/Vorspann-Europas-legend\u00e4re-Strassen-auf-den-Spuren-der-R\u00f6mer-Jeremy-JP-Fekete-HD-1200x675.jpeg",1200,675,true],"portfolio_item-thumbnail_cinema":["https:\/\/jeremyfekete.com\/wp-content\/uploads\/2015\/01\/Vorspann-Europas-legend\u00e4re-Strassen-auf-den-Spuren-der-R\u00f6mer-Jeremy-JP-Fekete-HD-800x335.jpeg",800,335,true],"portfolio_item-thumbnail_portrait":["https:\/\/jeremyfekete.com\/wp-content\/uploads\/2015\/01\/Vorspann-Europas-legend\u00e4re-Strassen-auf-den-Spuren-der-R\u00f6mer-Jeremy-JP-Fekete-HD-600x900.jpeg",600,900,true],"portfolio_item-thumbnail_portrait@2x":["https:\/\/jeremyfekete.com\/wp-content\/uploads\/2015\/01\/Vorspann-Europas-legend\u00e4re-Strassen-auf-den-Spuren-der-R\u00f6mer-Jeremy-JP-Fekete-HD-1200x1080.jpeg",1200,1080,true],"portfolio_item-thumbnail_square":["https:\/\/jeremyfekete.com\/wp-content\/uploads\/2015\/01\/Vorspann-Europas-legend\u00e4re-Strassen-auf-den-Spuren-der-R\u00f6mer-Jeremy-JP-Fekete-HD-800x800.jpeg",800,800,true]},"description":{"rendered":"<p class=\"attachment\"><a href=\"https:\/\/i0.wp.com\/jeremyfekete.com\/wp-content\/uploads\/2015\/01\/Vorspann-Europas-legend%C3%A4re-Strassen-auf-den-Spuren-der-R%C3%B6mer-Jeremy-JP-Fekete-HD.jpeg?ssl=1\" title=\"\" data-rl_title=\"\" class=\"rl-gallery-link\" data-rl_caption=\"\" data-rel=\"lightbox-gallery-0\"><img data-recalc-dims=\"1\" fetchpriority=\"high\" decoding=\"async\" width=\"300\" height=\"168\" src=\"https:\/\/i0.wp.com\/jeremyfekete.com\/wp-content\/uploads\/2015\/01\/Vorspann-Europas-legend%C3%A4re-Strassen-auf-den-Spuren-der-R%C3%B6mer-Jeremy-JP-Fekete-HD.jpeg?resize=300%2C168&#038;ssl=1\" class=\"attachment-medium size-medium\" alt=\"\" srcset=\"https:\/\/i0.wp.com\/jeremyfekete.com\/wp-content\/uploads\/2015\/01\/Vorspann-Europas-legend%C3%A4re-Strassen-auf-den-Spuren-der-R%C3%B6mer-Jeremy-JP-Fekete-HD.jpeg?resize=300%2C168&amp;ssl=1 300w, https:\/\/i0.wp.com\/jeremyfekete.com\/wp-content\/uploads\/2015\/01\/Vorspann-Europas-legend%C3%A4re-Strassen-auf-den-Spuren-der-R%C3%B6mer-Jeremy-JP-Fekete-HD.jpeg?resize=1024%2C576&amp;ssl=1 1024w, https:\/\/i0.wp.com\/jeremyfekete.com\/wp-content\/uploads\/2015\/01\/Vorspann-Europas-legend%C3%A4re-Strassen-auf-den-Spuren-der-R%C3%B6mer-Jeremy-JP-Fekete-HD.jpeg?resize=600%2C338&amp;ssl=1 600w, https:\/\/i0.wp.com\/jeremyfekete.com\/wp-content\/uploads\/2015\/01\/Vorspann-Europas-legend%C3%A4re-Strassen-auf-den-Spuren-der-R%C3%B6mer-Jeremy-JP-Fekete-HD.jpeg?resize=940%2C528&amp;ssl=1 940w, https:\/\/i0.wp.com\/jeremyfekete.com\/wp-content\/uploads\/2015\/01\/Vorspann-Europas-legend%C3%A4re-Strassen-auf-den-Spuren-der-R%C3%B6mer-Jeremy-JP-Fekete-HD.jpeg?resize=1536%2C864&amp;ssl=1 1536w, https:\/\/i0.wp.com\/jeremyfekete.com\/wp-content\/uploads\/2015\/01\/Vorspann-Europas-legend%C3%A4re-Strassen-auf-den-Spuren-der-R%C3%B6mer-Jeremy-JP-Fekete-HD.jpeg?resize=1200%2C675&amp;ssl=1 1200w, https:\/\/i0.wp.com\/jeremyfekete.com\/wp-content\/uploads\/2015\/01\/Vorspann-Europas-legend%C3%A4re-Strassen-auf-den-Spuren-der-R%C3%B6mer-Jeremy-JP-Fekete-HD.jpeg?w=1920&amp;ssl=1 1920w\" sizes=\"100vw\" \/><\/a><\/p>\n"},"caption":{"rendered":""},"alt_text":"","media_type":"image","mime_type":"image\/jpeg","media_details":{"width":1920,"height":1080,"file":"2015\/01\/Vorspann-Europas-legend\u00e4re-Strassen-auf-den-Spuren-der-R\u00f6mer-Jeremy-JP-Fekete-HD.jpeg","sizes":{"thumbnail":{"file":"Vorspann-Europas-legend\u00e4re-Strassen-auf-den-Spuren-der-R\u00f6mer-Jeremy-JP-Fekete-HD-150x150.jpeg","width":150,"height":150,"mime_type":"image\/jpeg","source_url":"https:\/\/jeremyfekete.com\/wp-content\/uploads\/2015\/01\/Vorspann-Europas-legend\u00e4re-Strassen-auf-den-Spuren-der-R\u00f6mer-Jeremy-JP-Fekete-HD-150x150.jpeg"},"medium":{"file":"Vorspann-Europas-legend\u00e4re-Strassen-auf-den-Spuren-der-R\u00f6mer-Jeremy-JP-Fekete-HD-300x168.jpeg","width":300,"height":168,"mime_type":"image\/jpeg","source_url":"https:\/\/jeremyfekete.com\/wp-content\/uploads\/2015\/01\/Vorspann-Europas-legend\u00e4re-Strassen-auf-den-Spuren-der-R\u00f6mer-Jeremy-JP-Fekete-HD-300x168.jpeg"},"large":{"file":"Vorspann-Europas-legend\u00e4re-Strassen-auf-den-Spuren-der-R\u00f6mer-Jeremy-JP-Fekete-HD-1024x576.jpeg","width":1024,"height":576,"mime_type":"image\/jpeg","source_url":"https:\/\/jeremyfekete.com\/wp-content\/uploads\/2015\/01\/Vorspann-Europas-legend\u00e4re-Strassen-auf-den-Spuren-der-R\u00f6mer-Jeremy-JP-Fekete-HD-1024x576.jpeg"},"mid-size":{"file":"Vorspann-Europas-legend\u00e4re-Strassen-auf-den-Spuren-der-R\u00f6mer-Jeremy-JP-Fekete-HD-600x337.jpeg","width":600,"height":337,"mime_type":"image\/jpeg","source_url":"https:\/\/jeremyfekete.com\/wp-content\/uploads\/2015\/01\/Vorspann-Europas-legend\u00e4re-Strassen-auf-den-Spuren-der-R\u00f6mer-Jeremy-JP-Fekete-HD-600x337.jpeg"},"content-width":{"file":"Vorspann-Europas-legend\u00e4re-Strassen-auf-den-Spuren-der-R\u00f6mer-Jeremy-JP-Fekete-HD-940x528.jpeg","width":940,"height":528,"mime_type":"image\/jpeg","source_url":"https:\/\/jeremyfekete.com\/wp-content\/uploads\/2015\/01\/Vorspann-Europas-legend\u00e4re-Strassen-auf-den-Spuren-der-R\u00f6mer-Jeremy-JP-Fekete-HD-940x528.jpeg"},"gallery-thumb":{"file":"Vorspann-Europas-legend\u00e4re-Strassen-auf-den-Spuren-der-R\u00f6mer-Jeremy-JP-Fekete-HD-480x400.jpeg","width":480,"height":400,"mime_type":"image\/jpeg","source_url":"https:\/\/jeremyfekete.com\/wp-content\/uploads\/2015\/01\/Vorspann-Europas-legend\u00e4re-Strassen-auf-den-Spuren-der-R\u00f6mer-Jeremy-JP-Fekete-HD-480x400.jpeg"},"1536x1536":{"file":"Vorspann-Europas-legend\u00e4re-Strassen-auf-den-Spuren-der-R\u00f6mer-Jeremy-JP-Fekete-HD-1536x864.jpeg","width":1536,"height":864,"filesize":155930,"mime_type":"image\/jpeg","source_url":"https:\/\/jeremyfekete.com\/wp-content\/uploads\/2015\/01\/Vorspann-Europas-legend\u00e4re-Strassen-auf-den-Spuren-der-R\u00f6mer-Jeremy-JP-Fekete-HD-1536x864.jpeg"},"inspiro-loop":{"file":"Vorspann-Europas-legend\u00e4re-Strassen-auf-den-Spuren-der-R\u00f6mer-Jeremy-JP-Fekete-HD-950x320.jpeg","width":950,"height":320,"filesize":53556,"mime_type":"image\/jpeg","source_url":"https:\/\/jeremyfekete.com\/wp-content\/uploads\/2015\/01\/Vorspann-Europas-legend\u00e4re-Strassen-auf-den-Spuren-der-R\u00f6mer-Jeremy-JP-Fekete-HD-950x320.jpeg"},"inspiro-loop@2x":{"file":"Vorspann-Europas-legend\u00e4re-Strassen-auf-den-Spuren-der-R\u00f6mer-Jeremy-JP-Fekete-HD-1900x640.jpeg","width":1900,"height":640,"filesize":149701,"mime_type":"image\/jpeg","source_url":"https:\/\/jeremyfekete.com\/wp-content\/uploads\/2015\/01\/Vorspann-Europas-legend\u00e4re-Strassen-auf-den-Spuren-der-R\u00f6mer-Jeremy-JP-Fekete-HD-1900x640.jpeg"},"portfolio_item-thumbnail":{"file":"Vorspann-Europas-legend\u00e4re-Strassen-auf-den-Spuren-der-R\u00f6mer-Jeremy-JP-Fekete-HD-600x400.jpeg","width":600,"height":400,"filesize":41793,"mime_type":"image\/jpeg","source_url":"https:\/\/jeremyfekete.com\/wp-content\/uploads\/2015\/01\/Vorspann-Europas-legend\u00e4re-Strassen-auf-den-Spuren-der-R\u00f6mer-Jeremy-JP-Fekete-HD-600x400.jpeg"},"portfolio_item-thumbnail@2x":{"file":"Vorspann-Europas-legend\u00e4re-Strassen-auf-den-Spuren-der-R\u00f6mer-Jeremy-JP-Fekete-HD-1200x800.jpeg","width":1200,"height":800,"filesize":117781,"mime_type":"image\/jpeg","source_url":"https:\/\/jeremyfekete.com\/wp-content\/uploads\/2015\/01\/Vorspann-Europas-legend\u00e4re-Strassen-auf-den-Spuren-der-R\u00f6mer-Jeremy-JP-Fekete-HD-1200x800.jpeg"},"portfolio_item-masonry":{"file":"Vorspann-Europas-legend\u00e4re-Strassen-auf-den-Spuren-der-R\u00f6mer-Jeremy-JP-Fekete-HD-600x338.jpeg","width":600,"height":338,"filesize":37972,"mime_type":"image\/jpeg","source_url":"https:\/\/jeremyfekete.com\/wp-content\/uploads\/2015\/01\/Vorspann-Europas-legend\u00e4re-Strassen-auf-den-Spuren-der-R\u00f6mer-Jeremy-JP-Fekete-HD-600x338.jpeg"},"portfolio_item-masonry@2x":{"file":"Vorspann-Europas-legend\u00e4re-Strassen-auf-den-Spuren-der-R\u00f6mer-Jeremy-JP-Fekete-HD-1200x675.jpeg","width":1200,"height":675,"filesize":108632,"mime_type":"image\/jpeg","source_url":"https:\/\/jeremyfekete.com\/wp-content\/uploads\/2015\/01\/Vorspann-Europas-legend\u00e4re-Strassen-auf-den-Spuren-der-R\u00f6mer-Jeremy-JP-Fekete-HD-1200x675.jpeg"},"portfolio_item-thumbnail_cinema":{"file":"Vorspann-Europas-legend\u00e4re-Strassen-auf-den-Spuren-der-R\u00f6mer-Jeremy-JP-Fekete-HD-800x335.jpeg","width":800,"height":335,"filesize":48004,"mime_type":"image\/jpeg","source_url":"https:\/\/jeremyfekete.com\/wp-content\/uploads\/2015\/01\/Vorspann-Europas-legend\u00e4re-Strassen-auf-den-Spuren-der-R\u00f6mer-Jeremy-JP-Fekete-HD-800x335.jpeg"},"portfolio_item-thumbnail_portrait":{"file":"Vorspann-Europas-legend\u00e4re-Strassen-auf-den-Spuren-der-R\u00f6mer-Jeremy-JP-Fekete-HD-600x900.jpeg","width":600,"height":900,"filesize":64361,"mime_type":"image\/jpeg","source_url":"https:\/\/jeremyfekete.com\/wp-content\/uploads\/2015\/01\/Vorspann-Europas-legend\u00e4re-Strassen-auf-den-Spuren-der-R\u00f6mer-Jeremy-JP-Fekete-HD-600x900.jpeg"},"portfolio_item-thumbnail_portrait@2x":{"file":"Vorspann-Europas-legend\u00e4re-Strassen-auf-den-Spuren-der-R\u00f6mer-Jeremy-JP-Fekete-HD-1200x1080.jpeg","width":1200,"height":1080,"filesize":143971,"mime_type":"image\/jpeg","source_url":"https:\/\/jeremyfekete.com\/wp-content\/uploads\/2015\/01\/Vorspann-Europas-legend\u00e4re-Strassen-auf-den-Spuren-der-R\u00f6mer-Jeremy-JP-Fekete-HD-1200x1080.jpeg"},"portfolio_item-thumbnail_square":{"file":"Vorspann-Europas-legend\u00e4re-Strassen-auf-den-Spuren-der-R\u00f6mer-Jeremy-JP-Fekete-HD-800x800.jpeg","width":800,"height":800,"filesize":82079,"mime_type":"image\/jpeg","source_url":"https:\/\/jeremyfekete.com\/wp-content\/uploads\/2015\/01\/Vorspann-Europas-legend\u00e4re-Strassen-auf-den-Spuren-der-R\u00f6mer-Jeremy-JP-Fekete-HD-800x800.jpeg"},"full":{"file":"Vorspann-Europas-legend\u00e4re-Strassen-auf-den-Spuren-der-R\u00f6mer-Jeremy-JP-Fekete-HD.jpeg","width":1920,"height":1080,"mime_type":"image\/jpeg","source_url":"https:\/\/jeremyfekete.com\/wp-content\/uploads\/2015\/01\/Vorspann-Europas-legend\u00e4re-Strassen-auf-den-Spuren-der-R\u00f6mer-Jeremy-JP-Fekete-HD.jpeg"}},"image_meta":{"aperture":0,"credit":"","camera":"","caption":"","created_timestamp":0,"copyright":"","focal_length":0,"iso":0,"shutter_speed":0,"title":""}},"post":null,"source_url":"https:\/\/jeremyfekete.com\/wp-content\/uploads\/2015\/01\/Vorspann-Europas-legend\u00e4re-Strassen-auf-den-Spuren-der-R\u00f6mer-Jeremy-JP-Fekete-HD.jpeg","_links":{"self":[{"href":"https:\/\/jeremyfekete.com\/en\/wp-json\/wp\/v2\/media\/4225","targetHints":{"allow":["GET"]}}],"collection":[{"href":"https:\/\/jeremyfekete.com\/en\/wp-json\/wp\/v2\/media"}],"about":[{"href":"https:\/\/jeremyfekete.com\/en\/wp-json\/wp\/v2\/types\/attachment"}],"author":[{"embeddable":true,"href":"https:\/\/jeremyfekete.com\/en\/wp-json\/wp\/v2\/users\/1"}],"replies":[{"embeddable":true,"href":"https:\/\/jeremyfekete.com\/en\/wp-json\/wp\/v2\/comments?post=4225"}],"wp:term":[{"taxonomy":"category","embeddable":true,"href":"https:\/\/jeremyfekete.com\/en\/wp-json\/wp\/v2\/categories?post=4225"},{"taxonomy":"post_tag","embeddable":true,"href":"https:\/\/jeremyfekete.com\/en\/wp-json\/wp\/v2\/tags?post=4225"}],"curies":[{"name":"wp","href":"https:\/\/api.w.org\/{rel}","templated":true}]}}